{"id":47546,"date":"2022-01-24T20:49:25","date_gmt":"2022-01-24T19:49:25","guid":{"rendered":"https:\/\/lamaktaba.fr\/index.php\/produit\/le-califat-de-ali-ibn-abi-talib-le-quatrieme-calife-de-lislam-ibn-kathir-livre\/"},"modified":"2025-04-01T12:46:19","modified_gmt":"2025-04-01T10:46:19","slug":"le-califat-de-ali-ibn-abi-talib-le-quatrieme-calife-de-lislam-ibn-kathir-livre","status":"publish","type":"product","link":"https:\/\/lamaktaba.fr\/index.php\/produit\/le-califat-de-ali-ibn-abi-talib-le-quatrieme-calife-de-lislam-ibn-kathir-livre","title":{"rendered":"Le Califat de &lsquo;Ali ibn Ab\u00ee T\u00e2lib &#8211; Le quatri\u00e8me Calife de l&rsquo;Islam &#8211; Ibn Kath\u00eer &#8211; Livre"},"content":{"rendered":"<p>Le califat de &lsquo;Ali ibn ABI TALIB vient cl\u00f4turer la s\u00e9rie des \u00ab\u00a0califes bien guid\u00e9s\u00a0\u00bb, \u00e9poque b\u00e9nie \u00e9voqu\u00e9e par le messager. Retrouvez ici la vie du quatri\u00e8me calife, ses m\u00e9rites, son accession au pouvoir et les \u00e9v\u00e8nements qui se sont d\u00e9roul\u00e9s sous son r\u00e8gne,notamment la fitna (les troubles) entre les musulmans lors de batailles de Siff\u00een et du chameau.;Ce quatri\u00e8me volet d\u00e9taille \u00e9galement le court r\u00e8gne de son fils, al-Hassan ibn ALI, avant la prise de pouvoir de Mu&rsquo;awiyya et le d\u00e9but du r\u00e8gne des Omeyyades.;Cet ouvrage est extrait de l&rsquo;encyclop\u00e9die intitul\u00e9e \u00a0\u00bb al-bidaya wan-nihaya \u00ab\u00a0qui, comme son l&rsquo;indique, retrace l&rsquo;histoire de la cr\u00e9ation de son d\u00e9but \u00e0 la fin des temps. Ses sources authentiques et sa rigueur scientifique en font un ouvrage de r\u00e9f\u00e9rence et l&rsquo;unanimit\u00e9 au sein de la communaut\u00e9.Son auteur, le hafidh Ibn Kathir, n&rsquo;est plus \u00e0 pr\u00e9senter. C\u2019est de cette m\u00eame encyclop\u00e9die que sont extraites les histoires des proph\u00e8tes ou la sira du messager;(Versets en langue arabe)<\/p>\n","protected":false},"excerpt":{"rendered":"<p>Le califat de &lsquo;Ali ibn ABI TALIB vient cl\u00f4turer la s\u00e9rie des \u00ab\u00a0califes bien guid\u00e9s\u00a0\u00bb, \u00e9poque b\u00e9nie \u00e9voqu\u00e9e par le messager. Retrouvez ici la vie du quatri\u00e8me calife, ses m\u00e9rites, son accession au pouvoir et les \u00e9v\u00e8nements qui se sont d\u00e9roul\u00e9s sous son r\u00e8gne,notamment la fitna (les troubles) entre les musulmans lors de batailles de [&hellip;]<\/p>\n","protected":false},"featured_media":47547,"comment_status":"open","ping_status":"closed","template":"","meta":[],"product_brand":[],"product_cat":[1907,1946],"product_tag":[],"class_list":{"0":"post-47546","1":"product","2":"type-product","3":"status-publish","4":"has-post-thumbnail","6":"product_cat-compagnons","7":"product_cat-histoire-et-civilisations","8":"pa_auteur-ibn-kathir","9":"pa_editeur-dar-al-muslim","10":"pa_format-15-x-21-cm","11":"pa_langue-francais","12":"pa_nombre-de-pages-1086","14":"first","15":"outofstock","16":"shipping-taxable","17":"purchasable","18":"product-type-simple"},"_links":{"self":[{"href":"https:\/\/lamaktaba.fr\/index.php\/wp-json\/wp\/v2\/product\/47546","targetHints":{"allow":["GET"]}}],"collection":[{"href":"https:\/\/lamaktaba.fr\/index.php\/wp-json\/wp\/v2\/product"}],"about":[{"href":"https:\/\/lamaktaba.fr\/index.php\/wp-json\/wp\/v2\/types\/product"}],"replies":[{"embeddable":true,"href":"https:\/\/lamaktaba.fr\/index.php\/wp-json\/wp\/v2\/comments?post=47546"}],"wp:featuredmedia":[{"embeddable":true,"href":"https:\/\/lamaktaba.fr\/index.php\/wp-json\/wp\/v2\/media\/47547"}],"wp:attachment":[{"href":"https:\/\/lamaktaba.fr\/index.php\/wp-json\/wp\/v2\/media?parent=47546"}],"wp:term":[{"taxonomy":"product_brand","embeddable":true,"href":"https:\/\/lamaktaba.fr\/index.php\/wp-json\/wp\/v2\/product_brand?post=47546"},{"taxonomy":"product_cat","embeddable":true,"href":"https:\/\/lamaktaba.fr\/index.php\/wp-json\/wp\/v2\/product_cat?post=47546"},{"taxonomy":"product_tag","embeddable":true,"href":"https:\/\/lamaktaba.fr\/index.php\/wp-json\/wp\/v2\/product_tag?post=47546"}],"curies":[{"name":"wp","href":"https:\/\/api.w.org\/{rel}","templated":true}]}}